{"id":16,"date":"2024-06-25T23:17:37","date_gmt":"2024-06-25T21:17:37","guid":{"rendered":"https:\/\/anae.blastyu.fr\/?page_id=16"},"modified":"2024-12-26T19:22:17","modified_gmt":"2024-12-26T18:22:17","slug":"accueil","status":"publish","type":"page","link":"https:\/\/anae.blastyu.fr\/","title":{"rendered":"Accueil"},"content":{"rendered":"\t\t<div data-elementor-type=\"wp-page\" data-elementor-id=\"16\" class=\"elementor elementor-16\">\n\t\t\t\t<div class=\"elementor-element elementor-element-a9d4d27 e-grid e-con-boxed e-con e-parent\" data-id=\"a9d4d27\" data-element_type=\"container\" data-e-type=\"container\" data-settings=\"{&quot;background_background&quot;:&quot;classic&quot;}\">\n\t\t\t\t\t<div class=\"e-con-inner\">\n\t\t<div class=\"elementor-element elementor-element-6bc99b1 e-con-full e-flex e-con e-child\" data-id=\"6bc99b1\" data-element_type=\"container\" data-e-type=\"container\" data-settings=\"{&quot;background_background&quot;:&quot;classic&quot;}\">\n\t\t\t\t<div class=\"elementor-element elementor-element-0b9ec15 elementor-widget__width-inherit elementor-widget elementor-widget-heading\" data-id=\"0b9ec15\" data-element_type=\"widget\" data-e-type=\"widget\" data-widget_type=\"heading.default\">\n\t\t\t\t<div class=\"elementor-widget-container\">\n\t\t\t\t\t<h2 class=\"elementor-heading-title elementor-size-default\">Bienvenue sur le Portfolio d'Ana\u00eb Murillo<\/h2>\t\t\t\t<\/div>\n\t\t\t\t<\/div>\n\t\t\t\t<\/div>\n\t\t\t\t<div class=\"elementor-element elementor-element-4427c8d elementor-widget elementor-widget-text-editor\" data-id=\"4427c8d\" data-element_type=\"widget\" data-e-type=\"widget\" data-widget_type=\"text-editor.default\">\n\t\t\t\t<div class=\"elementor-widget-container\">\n\t\t\t\t\t\t\t\t\t<h5>\u00c9tudiante en communication digitale, passionn\u00e9e par les nouvelles technologies et la cr\u00e9ation de contenus num\u00e9riques. D\u00e9couvrez mes projets et r\u00e9alisations.<\/h5>\t\t\t\t\t\t\t\t<\/div>\n\t\t\t\t<\/div>\n\t\t\t\t\t<\/div>\n\t\t\t\t<\/div>\n\t\t<div class=\"elementor-element elementor-element-881fcd4 e-flex e-con-boxed e-con e-parent\" data-id=\"881fcd4\" data-element_type=\"container\" data-e-type=\"container\">\n\t\t\t\t\t<div class=\"e-con-inner\">\n\t\t\t\t<div class=\"elementor-element elementor-element-22fa122 elementor-widget-divider--view-line elementor-widget elementor-widget-divider\" data-id=\"22fa122\" data-element_type=\"widget\" data-e-type=\"widget\" data-widget_type=\"divider.default\">\n\t\t\t\t<div class=\"elementor-widget-container\">\n\t\t\t\t\t\t\t<div class=\"elementor-divider\">\n\t\t\t<span class=\"elementor-divider-separator\">\n\t\t\t\t\t\t<\/span>\n\t\t<\/div>\n\t\t\t\t\t\t<\/div>\n\t\t\t\t<\/div>\n\t\t\t\t<div class=\"elementor-element elementor-element-4dcef0b elementor-widget elementor-widget-heading\" data-id=\"4dcef0b\" data-element_type=\"widget\" data-e-type=\"widget\" data-widget_type=\"heading.default\">\n\t\t\t\t<div class=\"elementor-widget-container\">\n\t\t\t\t\t<h2 class=\"elementor-heading-title elementor-size-default\">Mon parcours<\/h2>\t\t\t\t<\/div>\n\t\t\t\t<\/div>\n\t\t\t\t\t<\/div>\n\t\t\t\t<\/div>\n\t\t<div class=\"elementor-element elementor-element-7590868 e-flex e-con-boxed e-con e-parent\" data-id=\"7590868\" data-element_type=\"container\" data-e-type=\"container\">\n\t\t\t\t\t<div class=\"e-con-inner\">\n\t\t<div class=\"elementor-element elementor-element-f8c2c25 e-con-full e-flex e-con e-child\" data-id=\"f8c2c25\" data-element_type=\"container\" data-e-type=\"container\">\n\t\t\t\t<div class=\"elementor-element elementor-element-5c75816 elementor-widget elementor-widget-image\" data-id=\"5c75816\" data-element_type=\"widget\" data-e-type=\"widget\" data-widget_type=\"image.default\">\n\t\t\t\t<div class=\"elementor-widget-container\">\n\t\t\t\t\t\t\t\t\t\t\t\t\t\t\t<img fetchpriority=\"high\" decoding=\"async\" width=\"900\" height=\"600\" src=\"https:\/\/anae.blastyu.fr\/wp-content\/uploads\/2024\/08\/zyro-image-1-scaled-900x600-c-default.webp\" class=\"attachment-full size-full wp-image-104\" alt=\"\" srcset=\"https:\/\/anae.blastyu.fr\/wp-content\/uploads\/2024\/08\/zyro-image-1-scaled-900x600-c-default.webp 900w, https:\/\/anae.blastyu.fr\/wp-content\/uploads\/2024\/08\/zyro-image-1-scaled-900x600-c-default-300x200.webp 300w, https:\/\/anae.blastyu.fr\/wp-content\/uploads\/2024\/08\/zyro-image-1-scaled-900x600-c-default-768x512.webp 768w\" sizes=\"(max-width: 900px) 100vw, 900px\" \/>\t\t\t\t\t\t\t\t\t\t\t\t\t\t\t<\/div>\n\t\t\t\t<\/div>\n\t\t\t\t<\/div>\n\t\t<div class=\"elementor-element elementor-element-9719343 e-con-full e-flex e-con e-child\" data-id=\"9719343\" data-element_type=\"container\" data-e-type=\"container\">\n\t\t\t\t<div class=\"elementor-element elementor-element-d402c15 elementor-widget elementor-widget-text-editor\" data-id=\"d402c15\" data-element_type=\"widget\" data-e-type=\"widget\" data-widget_type=\"text-editor.default\">\n\t\t\t\t<div class=\"elementor-widget-container\">\n\t\t\t\t\t\t\t\t\t<p>Je m&rsquo;appelle Ana\u00eb Murillo, j&rsquo;ai 19 ans et je suis actuellement en deuxi\u00e8me ann\u00e9e de BTS Services de Communication au lyc\u00e9e Sainte C\u00e9cile \u00e0 Albi. Cette formation me permet d&rsquo;acqu\u00e9rir des comp\u00e9tences \u00e0 la fois th\u00e9oriques et pratiques, essentielles pour \u00e9voluer dans le domaine de la communication.<\/p><p><span style=\"font-style: inherit; font-weight: inherit; text-align: var(--text-align); background-color: var(--ast-global-color-8); color: var(--ast-global-color-6);\">En parall\u00e8le de mes \u00e9tudes, je suis engag\u00e9e dans une association sportive scolaire, l&rsquo;USEP 81, o\u00f9 je mets en pratique mes comp\u00e9tences en communication. J&rsquo;aide l&rsquo;association \u00e0 concevoir et r\u00e9aliser leurs productions de communication.<\/span><\/p>\t\t\t\t\t\t\t\t<\/div>\n\t\t\t\t<\/div>\n\t\t\t\t<\/div>\n\t\t\t\t\t<\/div>\n\t\t\t\t<\/div>\n\t\t<div class=\"elementor-element elementor-element-b2a0f23 e-flex e-con-boxed e-con e-parent\" data-id=\"b2a0f23\" data-element_type=\"container\" data-e-type=\"container\">\n\t\t\t\t\t<div class=\"e-con-inner\">\n\t\t<div class=\"elementor-element elementor-element-4373324 e-con-full e-flex e-con e-child\" data-id=\"4373324\" data-element_type=\"container\" data-e-type=\"container\">\n\t\t\t\t<div class=\"elementor-element elementor-element-56d531e elementor-widget elementor-widget-text-editor\" data-id=\"56d531e\" data-element_type=\"widget\" data-e-type=\"widget\" data-widget_type=\"text-editor.default\">\n\t\t\t\t<div class=\"elementor-widget-container\">\n\t\t\t\t\t\t\t\t\t<p><span style=\"font-style: inherit; font-weight: inherit; text-align: var(--text-align); background-color: var(--ast-global-color-8); color: var(--ast-global-color-6);\">Au cours de ma premi\u00e8re ann\u00e9e de BTS, j&rsquo;ai eu l&rsquo;opportunit\u00e9 de r\u00e9aliser un stage enrichissant au sein de l&rsquo;entreprise Escaffre Bois, dans leur service de communication. Durant ce stage, j&rsquo;ai particip\u00e9 \u00e0 l&rsquo;\u00e9laboration de la strat\u00e9gie de communication de l&rsquo;entreprise Aprim, notamment en mettant en place un plan de communication pour la promotion d&rsquo;une r\u00e9habilitation destin\u00e9e \u00e0 une nouvelle r\u00e9sidence. J&rsquo;ai \u00e9galement \u00e9t\u00e9 responsable de la gestion des r\u00e9seaux sociaux de l&rsquo;entreprise, une t\u00e2che qui m&rsquo;a permis de d\u00e9velopper mes comp\u00e9tences en marketing digital.<\/span><\/p>\t\t\t\t\t\t\t\t<\/div>\n\t\t\t\t<\/div>\n\t\t\t\t<\/div>\n\t\t<div class=\"elementor-element elementor-element-41f9e56 e-con-full e-flex e-con e-child\" data-id=\"41f9e56\" data-element_type=\"container\" data-e-type=\"container\">\n\t\t\t\t<div class=\"elementor-element elementor-element-5b9e740 elementor-widget elementor-widget-image\" data-id=\"5b9e740\" data-element_type=\"widget\" data-e-type=\"widget\" data-widget_type=\"image.default\">\n\t\t\t\t<div class=\"elementor-widget-container\">\n\t\t\t\t\t\t\t\t\t\t\t\t\t\t\t<img decoding=\"async\" width=\"1024\" height=\"683\" src=\"https:\/\/anae.blastyu.fr\/wp-content\/uploads\/2024\/08\/escaffre-bois-negoce-production-de-bois-albi-tarn-012-1-1024x683.jpg\" class=\"attachment-large size-large wp-image-105\" alt=\"\" srcset=\"https:\/\/anae.blastyu.fr\/wp-content\/uploads\/2024\/08\/escaffre-bois-negoce-production-de-bois-albi-tarn-012-1-1024x683.jpg 1024w, https:\/\/anae.blastyu.fr\/wp-content\/uploads\/2024\/08\/escaffre-bois-negoce-production-de-bois-albi-tarn-012-1-300x200.jpg 300w, https:\/\/anae.blastyu.fr\/wp-content\/uploads\/2024\/08\/escaffre-bois-negoce-production-de-bois-albi-tarn-012-1-768x512.jpg 768w, https:\/\/anae.blastyu.fr\/wp-content\/uploads\/2024\/08\/escaffre-bois-negoce-production-de-bois-albi-tarn-012-1-1536x1024.jpg 1536w, https:\/\/anae.blastyu.fr\/wp-content\/uploads\/2024\/08\/escaffre-bois-negoce-production-de-bois-albi-tarn-012-1.jpg 1920w\" sizes=\"(max-width: 1024px) 100vw, 1024px\" \/>\t\t\t\t\t\t\t\t\t\t\t\t\t\t\t<\/div>\n\t\t\t\t<\/div>\n\t\t\t\t<\/div>\n\t\t\t\t\t<\/div>\n\t\t\t\t<\/div>\n\t\t<div class=\"elementor-element elementor-element-6832d22 e-flex e-con-boxed e-con e-parent\" data-id=\"6832d22\" data-element_type=\"container\" data-e-type=\"container\">\n\t\t\t\t\t<div class=\"e-con-inner\">\n\t\t<div class=\"elementor-element elementor-element-ce250a6 e-con-full e-flex e-con e-child\" data-id=\"ce250a6\" data-element_type=\"container\" data-e-type=\"container\">\n\t\t\t\t<div class=\"elementor-element elementor-element-1cbe180 elementor-widget elementor-widget-image\" data-id=\"1cbe180\" data-element_type=\"widget\" data-e-type=\"widget\" data-widget_type=\"image.default\">\n\t\t\t\t<div class=\"elementor-widget-container\">\n\t\t\t\t\t\t\t\t\t\t\t\t\t\t\t<img decoding=\"async\" width=\"1024\" height=\"768\" src=\"https:\/\/anae.blastyu.fr\/wp-content\/uploads\/2024\/12\/notre_agence-1024x768.jpg\" class=\"attachment-large size-large wp-image-309\" alt=\"\" srcset=\"https:\/\/anae.blastyu.fr\/wp-content\/uploads\/2024\/12\/notre_agence-1024x768.jpg 1024w, https:\/\/anae.blastyu.fr\/wp-content\/uploads\/2024\/12\/notre_agence-300x225.jpg 300w, https:\/\/anae.blastyu.fr\/wp-content\/uploads\/2024\/12\/notre_agence-768x576.jpg 768w, https:\/\/anae.blastyu.fr\/wp-content\/uploads\/2024\/12\/notre_agence-1536x1152.jpg 1536w, https:\/\/anae.blastyu.fr\/wp-content\/uploads\/2024\/12\/notre_agence.jpg 1920w\" sizes=\"(max-width: 1024px) 100vw, 1024px\" \/>\t\t\t\t\t\t\t\t\t\t\t\t\t\t\t<\/div>\n\t\t\t\t<\/div>\n\t\t\t\t<\/div>\n\t\t<div class=\"elementor-element elementor-element-d0a512e e-con-full e-flex e-con e-child\" data-id=\"d0a512e\" data-element_type=\"container\" data-e-type=\"container\">\n\t\t\t\t<div class=\"elementor-element elementor-element-0e8e8ee elementor-widget elementor-widget-text-editor\" data-id=\"0e8e8ee\" data-element_type=\"widget\" data-e-type=\"widget\" data-widget_type=\"text-editor.default\">\n\t\t\t\t<div class=\"elementor-widget-container\">\n\t\t\t\t\t\t\t\t\t<p>Au cours de ma deuxi\u00e8me ann\u00e9e de BTS, j&rsquo;ai eu l&rsquo;opportunit\u00e9 d&rsquo;effectuer un stage au sein de l&rsquo;agence ALBET IMMOBILIER, sp\u00e9cialis\u00e9e dans la gestion, la location et les transactions immobili\u00e8res. Pendant cette exp\u00e9rience, j&rsquo;ai contribu\u00e9 \u00e0 la cr\u00e9ation de divers supports tels que des dossiers d&rsquo;estimation, des documents pour locataires, notaires et propri\u00e9taires, visant \u00e0 optimiser l&rsquo;organisation des activit\u00e9s de location et de transaction.<\/p><p>Pour les prospects et clients, j&rsquo;ai con\u00e7u un calendrier 2025, des cartes de v\u0153ux, ainsi que de nombreux contenus destin\u00e9s aux r\u00e9seaux sociaux. Par ailleurs, dans le cadre des actions de prospection, j&rsquo;ai \u00e9labor\u00e9 des flyers personnalis\u00e9s pour diff\u00e9rents collaborateurs de l&rsquo;agence.<\/p>\t\t\t\t\t\t\t\t<\/div>\n\t\t\t\t<\/div>\n\t\t\t\t<\/div>\n\t\t\t\t\t<\/div>\n\t\t\t\t<\/div>\n\t\t\t\t<\/div>\n\t\t","protected":false},"excerpt":{"rendered":"<p>Bienvenue sur le Portfolio d&rsquo;Ana\u00eb Murillo \u00c9tudiante en communication digitale, passionn\u00e9e par les nouvelles technologies et la cr\u00e9ation de contenus [&hellip;]<\/p>\n","protected":false},"author":1,"featured_media":0,"parent":0,"menu_order":0,"comment_status":"closed","ping_status":"closed","template":"","meta":{"inline_featured_image":false,"site-sidebar-layout":"no-sidebar","site-content-layout":"plain-container","ast-site-content-layout":"","site-content-style":"default","site-sidebar-style":"default","ast-global-header-display":"","ast-banner-title-visibility":"","ast-main-header-display":"","ast-hfb-above-header-display":"","ast-hfb-below-header-display":"","ast-hfb-mobile-header-display":"","site-post-title":"disabled","ast-breadcrumbs-content":"","ast-featured-img":"","footer-sml-layout":"","theme-transparent-header-meta":"enabled","adv-header-id-meta":"","stick-header-meta":"","header-above-stick-meta":"","header-main-stick-meta":"","header-below-stick-meta":"","astra-migrate-meta-layouts":"default","ast-page-background-enabled":"default","ast-page-background-meta":{"desktop":{"background-color":"var(--ast-global-color-4)","background-image":"","background-repeat":"repeat","background-position":"center center","background-size":"auto","background-attachment":"scroll","background-type":"","background-media":"","overlay-type":"","overlay-color":"","overlay-opacity":"","overlay-gradient":""},"tablet":{"background-color":"","background-image":"","background-repeat":"repeat","background-position":"center center","background-size":"auto","background-attachment":"scroll","background-type":"","background-media":"","overlay-type":"","overlay-color":"","overlay-opacity":"","overlay-gradient":""},"mobile":{"background-color":"","background-image":"","background-repeat":"repeat","background-position":"center center","background-size":"auto","background-attachment":"scroll","background-type":"","background-media":"","overlay-type":"","overlay-color":"","overlay-opacity":"","overlay-gradient":""}},"ast-content-background-meta":{"desktop":{"background-color":"var(--ast-global-color-5)","background-image":"","background-repeat":"repeat","background-position":"center center","background-size":"auto","background-attachment":"scroll","background-type":"","background-media":"","overlay-type":"","overlay-color":"","overlay-opacity":"","overlay-gradient":""},"tablet":{"background-color":"var(--ast-global-color-5)","background-image":"","background-repeat":"repeat","background-position":"center center","background-size":"auto","background-attachment":"scroll","background-type":"","background-media":"","overlay-type":"","overlay-color":"","overlay-opacity":"","overlay-gradient":""},"mobile":{"background-color":"var(--ast-global-color-5)","background-image":"","background-repeat":"repeat","background-position":"center center","background-size":"auto","background-attachment":"scroll","background-type":"","background-media":"","overlay-type":"","overlay-color":"","overlay-opacity":"","overlay-gradient":""}},"footnotes":""},"class_list":["post-16","page","type-page","status-publish","hentry"],"_links":{"self":[{"href":"https:\/\/anae.blastyu.fr\/index.php?rest_route=\/wp\/v2\/pages\/16","targetHints":{"allow":["GET"]}}],"collection":[{"href":"https:\/\/anae.blastyu.fr\/index.php?rest_route=\/wp\/v2\/pages"}],"about":[{"href":"https:\/\/anae.blastyu.fr\/index.php?rest_route=\/wp\/v2\/types\/page"}],"author":[{"embeddable":true,"href":"https:\/\/anae.blastyu.fr\/index.php?rest_route=\/wp\/v2\/users\/1"}],"replies":[{"embeddable":true,"href":"https:\/\/anae.blastyu.fr\/index.php?rest_route=%2Fwp%2Fv2%2Fcomments&post=16"}],"version-history":[{"count":31,"href":"https:\/\/anae.blastyu.fr\/index.php?rest_route=\/wp\/v2\/pages\/16\/revisions"}],"predecessor-version":[{"id":312,"href":"https:\/\/anae.blastyu.fr\/index.php?rest_route=\/wp\/v2\/pages\/16\/revisions\/312"}],"wp:attachment":[{"href":"https:\/\/anae.blastyu.fr\/index.php?rest_route=%2Fwp%2Fv2%2Fmedia&parent=16"}],"curies":[{"name":"wp","href":"https:\/\/api.w.org\/{rel}","templated":true}]}}